{"id":14809,"date":"2018-01-17T06:39:09","date_gmt":"2018-01-17T11:39:09","guid":{"rendered":"https:\/\/www.culturandesperu.com\/?page_id=14809"},"modified":"2024-04-09T07:39:37","modified_gmt":"2024-04-09T12:39:37","slug":"mejores-tours-a-peru","status":"publish","type":"page","link":"https:\/\/www.culturandesperu.com\/es\/","title":{"rendered":""},"content":{"rendered":"[vc_row full_width=&#8221;stretch_row_content_no_spaces&#8221;][vc_column][rev_slider_vc alias=&#8221;slider-home-4-es&#8221;][\/vc_column][\/vc_row][vc_row tz_row_type=&#8221;grid&#8221; full_width=&#8221;stretch_row_content_no_spaces&#8221; css=&#8221;.vc_custom_1712649607221{margin-top: 35px !important;padding-bottom: 60px !important;}&#8221;][vc_column][vc_custom_heading text=&#8221;Tours destacados&#8221; font_container=&#8221;tag:h2|font_size:40|text_align:center&#8221; use_theme_fonts=&#8221;yes&#8221;][vc_column_text]\n<p style=\"text-align: center; font-size: 18px;\">Nosotros te proporcionaremos la aventura. Depende de ti construir los recuerdos<\/p>\n[\/vc_column_text]\r\n    <div class=\"tzElement_FeaturedTour  vc_custom_1712649640678 type-8 tz_nav\">\r\n\r\n                <div  id=\"tzTour-slider-1055167616\" data-number=\"1\" data-item=\"4\"                class=\"tzTour tzTour-slider owl-carousel \">\r\n                            <div class=\"tzTour-item\">\r\n                                                                        <div class=\"tzImg-tour\">\r\n                                <div class=\"tz-thumb \">\r\n                                                                            <a href=\"https:\/\/www.culturandesperu.com\/es\/tour\/tour-4-dias-cusco-y-machu-picchu-en-tren\/\">\r\n                                            <img width=\"900\" height=\"569\" src=\"https:\/\/www.culturandesperu.com\/wp-content\/uploads\/2017\/01\/Prueba-2-1024x647.jpg\" class=\"attachment-large\" alt=\"Tour valle sagrado y Machu Picchu\" loading=\"lazy\" title=\"Tour valle sagrado y Machu Picchu\" srcset=\"https:\/\/www.culturandesperu.com\/wp-content\/uploads\/2017\/01\/Prueba-2-1024x647.jpg 1024w, https:\/\/www.culturandesperu.com\/wp-content\/uploads\/2017\/01\/Prueba-2-300x189.jpg 300w, https:\/\/www.culturandesperu.com\/wp-content\/uploads\/2017\/01\/Prueba-2-768x485.jpg 768w, https:\/\/www.culturandesperu.com\/wp-content\/uploads\/2017\/01\/Prueba-2-1536x970.jpg 1536w, https:\/\/www.culturandesperu.com\/wp-content\/uploads\/2017\/01\/Prueba-2-24x15.jpg 24w, https:\/\/www.culturandesperu.com\/wp-content\/uploads\/2017\/01\/Prueba-2-36x23.jpg 36w, https:\/\/www.culturandesperu.com\/wp-content\/uploads\/2017\/01\/Prueba-2-48x30.jpg 48w, https:\/\/www.culturandesperu.com\/wp-content\/uploads\/2017\/01\/Prueba-2.jpg 1900w\" sizes=\"(max-width: 900px) 100vw, 900px\" \/>                                        <\/a>\r\n                                        \r\n                                                                    <\/div>\r\n                                                            <\/div>\r\n                                                                                                        <div class=\"tzTour-info tz-info\">\r\n                                                                    <h4>4 d\u00edas<\/h4>\r\n                                                                <div class=\"tz-title\">\r\n                                    <h3><a href=\"https:\/\/www.culturandesperu.com\/es\/tour\/tour-4-dias-cusco-y-machu-picchu-en-tren\/\">Tour valle sagrado y Machu Picchu en tren (4 d\u00edas)<\/a><\/h3>\r\n                                <\/div>\r\n                                <div class=\"tz-time\">\r\n                                                                    <\/div>\r\n                            <\/div>\r\n\r\n                                                                <\/div>\r\n                            <div class=\"tzTour-item\">\r\n                                                                        <div class=\"tzImg-tour\">\r\n                                <div class=\"tz-thumb \">\r\n                                                                            <a href=\"https:\/\/www.culturandesperu.com\/es\/tour\/el-mejor-tour-14-dias-a-peru-de-lima-a-cusco-2\/\">\r\n                                            <img width=\"640\" height=\"305\" src=\"https:\/\/www.culturandesperu.com\/wp-content\/uploads\/2018\/01\/costa-a-los-andes-boton.jpg\" class=\"attachment-large\" alt=\"Tour 14 D\u00edas a Per\u00fa-boton\" loading=\"lazy\" title=\"Costa-Andes-boton\" srcset=\"https:\/\/www.culturandesperu.com\/wp-content\/uploads\/2018\/01\/costa-a-los-andes-boton.jpg 640w, https:\/\/www.culturandesperu.com\/wp-content\/uploads\/2018\/01\/costa-a-los-andes-boton-300x143.jpg 300w, https:\/\/www.culturandesperu.com\/wp-content\/uploads\/2018\/01\/costa-a-los-andes-boton-24x11.jpg 24w, https:\/\/www.culturandesperu.com\/wp-content\/uploads\/2018\/01\/costa-a-los-andes-boton-36x17.jpg 36w, https:\/\/www.culturandesperu.com\/wp-content\/uploads\/2018\/01\/costa-a-los-andes-boton-48x23.jpg 48w\" sizes=\"(max-width: 640px) 100vw, 640px\" \/>                                        <\/a>\r\n                                        \r\n                                                                    <\/div>\r\n                                                            <\/div>\r\n                                                                                                        <div class=\"tzTour-info tz-info\">\r\n                                                                    <h4>14 d\u00edas<\/h4>\r\n                                                                <div class=\"tz-title\">\r\n                                    <h3><a href=\"https:\/\/www.culturandesperu.com\/es\/tour\/el-mejor-tour-14-dias-a-peru-de-lima-a-cusco-2\/\">El mejor tour de 14 d\u00edas a Per\u00fa<\/a><\/h3>\r\n                                <\/div>\r\n                                <div class=\"tz-time\">\r\n                                                                    <\/div>\r\n                            <\/div>\r\n\r\n                                                                <\/div>\r\n                            <div class=\"tzTour-item\">\r\n                                                                        <div class=\"tzImg-tour\">\r\n                                <div class=\"tz-thumb \">\r\n                                                                            <a href=\"https:\/\/www.culturandesperu.com\/es\/tour\/ruta-desde-chachapoyas-a-cajamarca\/\">\r\n                                            <img width=\"900\" height=\"331\" src=\"https:\/\/www.culturandesperu.com\/wp-content\/uploads\/2018\/01\/PORTADA-PROGRAMA-LEYMEBAMBA-A-CAJAMARCA-1024x377.jpg\" class=\"attachment-large\" alt=\"RUTA DESDE CHACHAPOYAS A CAJAMARCA\" loading=\"lazy\" title=\"RUTA DESDE CHACHAPOYAS A CAJAMARCA\" srcset=\"https:\/\/www.culturandesperu.com\/wp-content\/uploads\/2018\/01\/PORTADA-PROGRAMA-LEYMEBAMBA-A-CAJAMARCA-1024x377.jpg 1024w, https:\/\/www.culturandesperu.com\/wp-content\/uploads\/2018\/01\/PORTADA-PROGRAMA-LEYMEBAMBA-A-CAJAMARCA-300x111.jpg 300w, https:\/\/www.culturandesperu.com\/wp-content\/uploads\/2018\/01\/PORTADA-PROGRAMA-LEYMEBAMBA-A-CAJAMARCA-768x283.jpg 768w, https:\/\/www.culturandesperu.com\/wp-content\/uploads\/2018\/01\/PORTADA-PROGRAMA-LEYMEBAMBA-A-CAJAMARCA-1536x566.jpg 1536w, https:\/\/www.culturandesperu.com\/wp-content\/uploads\/2018\/01\/PORTADA-PROGRAMA-LEYMEBAMBA-A-CAJAMARCA-24x9.jpg 24w, https:\/\/www.culturandesperu.com\/wp-content\/uploads\/2018\/01\/PORTADA-PROGRAMA-LEYMEBAMBA-A-CAJAMARCA-36x13.jpg 36w, https:\/\/www.culturandesperu.com\/wp-content\/uploads\/2018\/01\/PORTADA-PROGRAMA-LEYMEBAMBA-A-CAJAMARCA-48x18.jpg 48w, https:\/\/www.culturandesperu.com\/wp-content\/uploads\/2018\/01\/PORTADA-PROGRAMA-LEYMEBAMBA-A-CAJAMARCA.jpg 1900w\" sizes=\"(max-width: 900px) 100vw, 900px\" \/>                                        <\/a>\r\n                                        \r\n                                                                    <\/div>\r\n                                                            <\/div>\r\n                                                                                                        <div class=\"tzTour-info tz-info\">\r\n                                                                    <h4>6 d\u00edas<\/h4>\r\n                                                                <div class=\"tz-title\">\r\n                                    <h3><a href=\"https:\/\/www.culturandesperu.com\/es\/tour\/ruta-desde-chachapoyas-a-cajamarca\/\">Ruta desde Chachapoyas a Cajamarca<\/a><\/h3>\r\n                                <\/div>\r\n                                <div class=\"tz-time\">\r\n                                                                    <\/div>\r\n                            <\/div>\r\n\r\n                                                                <\/div>\r\n                            <div class=\"tzTour-item\">\r\n                                                                        <div class=\"tzImg-tour\">\r\n                                <div class=\"tz-thumb \">\r\n                                                                            <a href=\"https:\/\/www.culturandesperu.com\/es\/tour\/tours-chiclayo-y-trujillo\/\">\r\n                                            <img width=\"639\" height=\"356\" src=\"https:\/\/www.culturandesperu.com\/wp-content\/uploads\/2018\/01\/moche5.jpg\" class=\"attachment-large\" alt=\"tours chiclayo y trujillo\" loading=\"lazy\" title=\"tours chiclayo y trujillo\" srcset=\"https:\/\/www.culturandesperu.com\/wp-content\/uploads\/2018\/01\/moche5.jpg 639w, https:\/\/www.culturandesperu.com\/wp-content\/uploads\/2018\/01\/moche5-300x167.jpg 300w, https:\/\/www.culturandesperu.com\/wp-content\/uploads\/2018\/01\/moche5-24x13.jpg 24w, https:\/\/www.culturandesperu.com\/wp-content\/uploads\/2018\/01\/moche5-36x20.jpg 36w, https:\/\/www.culturandesperu.com\/wp-content\/uploads\/2018\/01\/moche5-48x27.jpg 48w\" sizes=\"(max-width: 639px) 100vw, 639px\" \/>                                        <\/a>\r\n                                        \r\n                                                                    <\/div>\r\n                                                            <\/div>\r\n                                                                                                        <div class=\"tzTour-info tz-info\">\r\n                                                                    <h4>4 d\u00edas<\/h4>\r\n                                                                <div class=\"tz-title\">\r\n                                    <h3><a href=\"https:\/\/www.culturandesperu.com\/es\/tour\/tours-chiclayo-y-trujillo\/\">Ruta Moche en Chiclayo y Trujillo 4D<\/a><\/h3>\r\n                                <\/div>\r\n                                <div class=\"tz-time\">\r\n                                                                    <\/div>\r\n                            <\/div>\r\n\r\n                                                                <\/div>\r\n                            <div class=\"tzTour-item\">\r\n                                                                        <div class=\"tzImg-tour\">\r\n                                <div class=\"tz-thumb \">\r\n                                                                            <a href=\"https:\/\/www.culturandesperu.com\/es\/tour\/tour-lima-ica-paracas-nazca\/\">\r\n                                            <img width=\"400\" height=\"234\" src=\"https:\/\/www.culturandesperu.com\/wp-content\/uploads\/2018\/01\/desierto-boton-1.jpg\" class=\"attachment-large\" alt=\"tour lima ica paracas nazca\" loading=\"lazy\" title=\"tour lima ica paracas nazca\" srcset=\"https:\/\/www.culturandesperu.com\/wp-content\/uploads\/2018\/01\/desierto-boton-1.jpg 400w, https:\/\/www.culturandesperu.com\/wp-content\/uploads\/2018\/01\/desierto-boton-1-300x176.jpg 300w, https:\/\/www.culturandesperu.com\/wp-content\/uploads\/2018\/01\/desierto-boton-1-24x14.jpg 24w, https:\/\/www.culturandesperu.com\/wp-content\/uploads\/2018\/01\/desierto-boton-1-36x21.jpg 36w, https:\/\/www.culturandesperu.com\/wp-content\/uploads\/2018\/01\/desierto-boton-1-48x28.jpg 48w\" sizes=\"(max-width: 400px) 100vw, 400px\" \/>                                        <\/a>\r\n                                        \r\n                                                                    <\/div>\r\n                                                            <\/div>\r\n                                                                                                        <div class=\"tzTour-info tz-info\">\r\n                                                                    <h4>4 d\u00edas<\/h4>\r\n                                                                <div class=\"tz-title\">\r\n                                    <h3><a href=\"https:\/\/www.culturandesperu.com\/es\/tour\/tour-lima-ica-paracas-nazca\/\">Tour de Lima, Ica, Paracas y Nazca<\/a><\/h3>\r\n                                <\/div>\r\n                                <div class=\"tz-time\">\r\n                                                                    <\/div>\r\n                            <\/div>\r\n\r\n                                                                <\/div>\r\n                            <div class=\"tzTour-item\">\r\n                                                                        <div class=\"tzImg-tour\">\r\n                                <div class=\"tz-thumb \">\r\n                                                                            <a href=\"https:\/\/www.culturandesperu.com\/es\/tour\/camino-inca-4-dias-salidas-diarias\/\">\r\n                                            <img width=\"900\" height=\"506\" src=\"https:\/\/www.culturandesperu.com\/wp-content\/uploads\/2018\/01\/FEATURED-THE-INCA-TRAIL-THE-BEST-OF-CUSCO-1024x576.jpg\" class=\"attachment-large\" alt=\"el mejor camino inca 4 d\u00edas\" loading=\"lazy\" title=\"OLYMPUS DIGITAL CAMERA\" srcset=\"https:\/\/www.culturandesperu.com\/wp-content\/uploads\/2018\/01\/FEATURED-THE-INCA-TRAIL-THE-BEST-OF-CUSCO-1024x576.jpg 1024w, https:\/\/www.culturandesperu.com\/wp-content\/uploads\/2018\/01\/FEATURED-THE-INCA-TRAIL-THE-BEST-OF-CUSCO-300x169.jpg 300w, https:\/\/www.culturandesperu.com\/wp-content\/uploads\/2018\/01\/FEATURED-THE-INCA-TRAIL-THE-BEST-OF-CUSCO-768x432.jpg 768w, https:\/\/www.culturandesperu.com\/wp-content\/uploads\/2018\/01\/FEATURED-THE-INCA-TRAIL-THE-BEST-OF-CUSCO-24x14.jpg 24w, https:\/\/www.culturandesperu.com\/wp-content\/uploads\/2018\/01\/FEATURED-THE-INCA-TRAIL-THE-BEST-OF-CUSCO-36x20.jpg 36w, https:\/\/www.culturandesperu.com\/wp-content\/uploads\/2018\/01\/FEATURED-THE-INCA-TRAIL-THE-BEST-OF-CUSCO-48x27.jpg 48w, https:\/\/www.culturandesperu.com\/wp-content\/uploads\/2018\/01\/FEATURED-THE-INCA-TRAIL-THE-BEST-OF-CUSCO.jpg 1920w\" sizes=\"(max-width: 900px) 100vw, 900px\" \/>                                        <\/a>\r\n                                        \r\n                                                                    <\/div>\r\n                                                            <\/div>\r\n                                                                                                        <div class=\"tzTour-info tz-info\">\r\n                                                                    <h4>04 days<\/h4>\r\n                                                                <div class=\"tz-title\">\r\n                                    <h3><a href=\"https:\/\/www.culturandesperu.com\/es\/tour\/camino-inca-4-dias-salidas-diarias\/\">EL MEJOR CAMINO INCA 4 D\u00cdAS, CUSCO, SALIDAS DIARIAS<\/a><\/h3>\r\n                                <\/div>\r\n                                <div class=\"tz-time\">\r\n                                                                    <\/div>\r\n                            <\/div>\r\n\r\n                                                                <\/div>\r\n                    <\/div>\r\n        \r\n        <script type=\"text\/javascript\">\r\n            jQuery(document).ready(function () {\r\n                \"use strict\";\r\n                jQuery('#tzTour-slider-1055167616').each(function () {\r\n                    jQuery(this).owlCarousel({\r\n                        rtl: false,\r\n                        nav: true,\r\n                        navText: [\"<i class=\\\"fa fa-angle-left\\\" aria-hidden=\\\"true\\\"><\/i>\", \"<i class=\\\"fa fa-angle-right\\\" aria-hidden=\\\"true\\\"><\/i>\"],\r\n                        autoplay: true,\r\n                        autoplayTimeout: 3000,\r\n                        loop: true,\r\n                        smartSpeed: 700,\r\n                        autoplayHoverPause: true,\r\n                        responsive: {\r\n                            0: {\r\n                                items: 1                            },\r\n                            600: {\r\n                                items: 2                            },\r\n                            992: {\r\n                                items: 2                            },\r\n                            1200: {\r\n                                items: 4                            },\r\n                            1500: {\r\n                                nav: true,\r\n                                items: 4                            }\r\n                        },\r\n                        margin:0\r\n                    })\r\n                })\r\n            });\r\n        <\/script>\r\n    <\/div>\r\n\r\n    [\/vc_column][\/vc_row][vc_row css=&#8221;.vc_custom_1712666374890{margin-bottom: 40px !important;}&#8221;][vc_column width=&#8221;1\/4&#8243;][vc_custom_heading text=&#8221;Tours activos&#8221; font_container=&#8221;tag:h2|text_align:center&#8221; use_theme_fonts=&#8221;yes&#8221;][vc_hoverbox image=&#8221;13916&#8243; primary_title=&#8221;&#8221; hover_title=&#8221;&#8221; shape=&#8221;square&#8221; hover_btn_title=&#8221;Leer m\u00e1s&#8221; hover_btn_style=&#8221;classic&#8221; hover_btn_shape=&#8221;round&#8221; hover_btn_color=&#8221;danger&#8221; hover_btn_i_align=&#8221;right&#8221; hover_btn_i_icon_fontawesome=&#8221;fas fa-plane&#8221; hover_add_button=&#8221;true&#8221; hover_btn_add_icon=&#8221;true&#8221; el_class=&#8221;textoblanco&#8221; hover_btn_link=&#8221;url:https%3A%2F%2Fwww.culturandesperu.com%2Fes%2Ftour-category%2Factivo%2F&#8221;]\n<p style=\"font-size: 15px; background-color: #fff; padding: 10px 0px 10px 0px; border-radius: 10px; border-color: #d9d9d9;\"><a href=\"https:\/\/www.culturandesperu.com\/es\/tour\/trekking-huayhuash\/\">Huayhuash Trek<\/a><\/p>\n<p style=\"font-size: 15px; background-color: #fff; padding: 10px 0px 10px 0px; border-radius: 10px; border-color: #d9d9d9;\"><a href=\"https:\/\/www.culturandesperu.com\/es\/tour\/ausangate-trek-5-dias\/\">Ausangate Trek 5 d\u00edas<\/a><\/p>\n<p style=\"font-size: 15px; background-color: #fff; padding: 10px 0px 10px 0px; border-radius: 10px; border-color: #d9d9d9;\"><a href=\"https:\/\/www.culturandesperu.com\/es\/tour\/camino-inca-4-dias-salidas-diarias\/\">El mejor camino Inca de 4 d\u00edas, Cusco salidas diarias <\/a><\/p>\n[\/vc_hoverbox][\/vc_column][vc_column width=&#8221;1\/4&#8243;][vc_custom_heading text=&#8221;Tours culturales&#8221; font_container=&#8221;tag:h2|text_align:center&#8221; use_theme_fonts=&#8221;yes&#8221;][vc_hoverbox image=&#8221;13922&#8243; primary_title=&#8221;&#8221; hover_title=&#8221;&#8221; shape=&#8221;square&#8221; hover_btn_title=&#8221;Leer m\u00e1s&#8221; hover_btn_style=&#8221;classic&#8221; hover_btn_shape=&#8221;round&#8221; hover_btn_color=&#8221;danger&#8221; hover_btn_i_align=&#8221;right&#8221; hover_btn_i_icon_fontawesome=&#8221;fas fa-plane&#8221; hover_add_button=&#8221;true&#8221; hover_btn_add_icon=&#8221;true&#8221; el_class=&#8221;textoblanco&#8221; hover_btn_link=&#8221;url:https%3A%2F%2Fwww.culturandesperu.com%2Fes%2Ftour-category%2Farqueologico%2F&#8221;]\n<p style=\"font-size: 15px; background-color: #fff; padding: 10px 0px 10px 0px; border-radius: 10px; border-color: #d9d9d9;\"><a href=\"https:\/\/www.culturandesperu.com\/es\/tour\/turismo-vivencial-lago-titicaca\/\">Turismo vivencial en el lago Titicaca<\/a><\/p>\n<p style=\"font-size: 15px; background-color: #fff; padding: 10px 0px 10px 0px; border-radius: 10px; border-color: #d9d9d9;\"><a href=\"https:\/\/www.culturandesperu.com\/es\/tour\/festividad-del-inti-raymi\/\">Fiesta del Inti Raymi<\/a><\/p>\n<p style=\"font-size: 15px; background-color: #fff; padding: 10px 0px 10px 0px; border-radius: 10px; border-color: #d9d9d9;\"><a href=\"https:\/\/www.culturandesperu.com\/es\/tour\/turismo-sostenible-en-peru\/\">Turismo Sostenible en Per\u00fa<\/a><\/p>\n[\/vc_hoverbox][\/vc_column][vc_column width=&#8221;1\/4&#8243;][vc_custom_heading text=&#8221;Tours Arqueol\u00f3gicos&#8221; font_container=&#8221;tag:h2|text_align:center&#8221; use_theme_fonts=&#8221;yes&#8221;][vc_hoverbox image=&#8221;15560&#8243; primary_title=&#8221;&#8221; hover_title=&#8221;&#8221; shape=&#8221;square&#8221; hover_btn_title=&#8221;Leer m\u00e1s&#8221; hover_btn_style=&#8221;classic&#8221; hover_btn_shape=&#8221;round&#8221; hover_btn_color=&#8221;danger&#8221; hover_btn_i_align=&#8221;right&#8221; hover_btn_i_icon_fontawesome=&#8221;fas fa-plane&#8221; hover_add_button=&#8221;true&#8221; hover_btn_add_icon=&#8221;true&#8221; el_class=&#8221;textoblanco&#8221; hover_btn_link=&#8221;url:https%3A%2F%2Fwww.culturandesperu.com%2Fes%2Ftour-category%2Farqueologico%2F&#8221;]\n<p style=\"font-size: 15px; background-color: #fff; padding: 10px 0px 10px 0px; border-radius: 10px; border-color: #d9d9d9;\"><a href=\"https:\/\/www.culturandesperu.com\/es\/tour\/ruta-desde-chachapoyas-a-cajamarca\/\">Ruta desde Chachapoyas a Cajamarca<\/a><\/p>\n<p style=\"font-size: 15px; background-color: #fff; padding: 10px 0px 10px 0px; border-radius: 10px; border-color: #d9d9d9;\"><a href=\"https:\/\/www.culturandesperu.com\/es\/tour\/tours-chiclayo-y-trujillo\/\">Ruta Moche en Chiclayo y Trujillo<\/a><\/p>\n<p style=\"font-size: 15px; background-color: #fff; padding: 10px 0px 10px 0px; border-radius: 10px; border-color: #d9d9d9;\"><a href=\"https:\/\/www.culturandesperu.com\/es\/tour\/tour-4-dias-cusco-y-machu-picchu-en-tren\/\">Tour valle sagrado y Machu Picchu en tren (4 d\u00edas)<\/a><\/p>\n[\/vc_hoverbox][\/vc_column][vc_column width=&#8221;1\/4&#8243;][vc_custom_heading text=&#8221;Tours de Naturaleza&#8221; font_container=&#8221;tag:h2|text_align:center&#8221; use_theme_fonts=&#8221;yes&#8221;][vc_hoverbox image=&#8221;13925&#8243; primary_title=&#8221;&#8221; hover_title=&#8221;&#8221; shape=&#8221;square&#8221; hover_btn_title=&#8221;Leer m\u00e1s&#8221; hover_btn_style=&#8221;classic&#8221; hover_btn_shape=&#8221;round&#8221; hover_btn_color=&#8221;danger&#8221; hover_btn_i_align=&#8221;right&#8221; hover_btn_i_icon_fontawesome=&#8221;fas fa-plane&#8221; hover_add_button=&#8221;true&#8221; hover_btn_add_icon=&#8221;true&#8221; el_class=&#8221;textoblanco&#8221; hover_btn_link=&#8221;url:https%3A%2F%2Fwww.culturandesperu.com%2Fes%2Ftour-category%2Fnaturaleza%2F&#8221;]\n<p style=\"font-size: 15px; background-color: #fff; padding: 10px 0px 10px 0px; border-radius: 10px; border-color: #d9d9d9;\"><a href=\"https:\/\/www.culturandesperu.com\/es\/tour\/avistamiento-aves-abra-malaga\/\">Avistamiento de aves en Abra M\u00e1laga<\/a><\/p>\n<p style=\"font-size: 15px; background-color: #fff; padding: 10px 0px 10px 0px; border-radius: 10px; border-color: #d9d9d9;\"><a href=\"https:\/\/www.culturandesperu.com\/es\/tour\/cusco-a-parque-nacional-del-manu\/\">Cusco a parque Nacional del Manu<\/a><\/p>\n<p style=\"font-size: 15px; background-color: #fff; padding: 10px 0px 10px 0px; border-radius: 10px; border-color: #d9d9d9;\"><a href=\"https:\/\/www.culturandesperu.com\/es\/tour\/tour-1-dia-en-machu-picchu\/\">Tour a Machu Picchu en 1 d\u00eda en tren<\/a><\/p>\n[\/vc_hoverbox][\/vc_column][\/vc_row][vc_row tz_row_type=&#8221;grid&#8221; full_width=&#8221;stretch_row_content_no_spaces&#8221; css=&#8221;.vc_custom_1712666320323{margin-top: 45px !important;padding-bottom: 60px !important;}&#8221;][vc_column][vc_custom_heading text=&#8221;Popular Destinations&#8221; font_container=&#8221;tag:h2|font_size:40|text_align:center&#8221; use_theme_fonts=&#8221;yes&#8221;][vc_column_text]\n<p style=\"text-align: center; font-size: 18px;\">Choose your next destination<\/p>\n[\/vc_column_text]    <div class=\"tzElement_Destination type-7   vc_custom_1712664511471\">\r\n                    <div id=\"destination-slider-793047323\" class=\"destination-slider owl-carousel\">\r\n                \r\n                \r\n                                            <div class=\"distination-item \">\r\n                                                        <div class=\"des-img\"\r\n                                 >\r\n                                                                <a href=\"https:\/\/www.culturandesperu.com\/es\/destination\/manu\/\">\r\n                                                                        <img width=\"900\" height=\"563\" src=\"https:\/\/www.culturandesperu.com\/wp-content\/uploads\/2017\/04\/FEATURED-MANU-1024x640.jpg\" class=\"attachment-large\" alt=\"Manu\" loading=\"lazy\" title=\"FEATURED MANU\" srcset=\"https:\/\/www.culturandesperu.com\/wp-content\/uploads\/2017\/04\/FEATURED-MANU-1024x640.jpg 1024w, https:\/\/www.culturandesperu.com\/wp-content\/uploads\/2017\/04\/FEATURED-MANU-300x188.jpg 300w, https:\/\/www.culturandesperu.com\/wp-content\/uploads\/2017\/04\/FEATURED-MANU-768x480.jpg 768w, https:\/\/www.culturandesperu.com\/wp-content\/uploads\/2017\/04\/FEATURED-MANU-24x15.jpg 24w, https:\/\/www.culturandesperu.com\/wp-content\/uploads\/2017\/04\/FEATURED-MANU-36x23.jpg 36w, https:\/\/www.culturandesperu.com\/wp-content\/uploads\/2017\/04\/FEATURED-MANU-48x30.jpg 48w\" sizes=\"(max-width: 900px) 100vw, 900px\" \/><div class=\"tz-overlay\"><\/div>                                                                    <\/a>\r\n                                                            <\/div>\r\n                            <div class=\"content\">\r\n                                <h3 class=\"title\">\r\n                                    <a href=\"https:\/\/www.culturandesperu.com\/es\/destination\/manu\/\">Manu<\/a>\r\n                                <\/h3>\r\n\r\n                                \r\n                                \r\n                                                            <\/div>\r\n                        <\/div>\r\n                    \r\n                    \r\n                                            <div class=\"distination-item \">\r\n                                                        <div class=\"des-img\"\r\n                                 >\r\n                                                                <a href=\"https:\/\/www.culturandesperu.com\/es\/destination\/lima-capital-del-peru\/\">\r\n                                                                        <img width=\"900\" height=\"563\" src=\"https:\/\/www.culturandesperu.com\/wp-content\/uploads\/2018\/01\/FEATURED-LIMA-1024x640.jpg\" class=\"attachment-large\" alt=\"Lima\" loading=\"lazy\" title=\"FEATURED LIMA\" srcset=\"https:\/\/www.culturandesperu.com\/wp-content\/uploads\/2018\/01\/FEATURED-LIMA-1024x640.jpg 1024w, https:\/\/www.culturandesperu.com\/wp-content\/uploads\/2018\/01\/FEATURED-LIMA-300x188.jpg 300w, https:\/\/www.culturandesperu.com\/wp-content\/uploads\/2018\/01\/FEATURED-LIMA-768x480.jpg 768w, https:\/\/www.culturandesperu.com\/wp-content\/uploads\/2018\/01\/FEATURED-LIMA-24x15.jpg 24w, https:\/\/www.culturandesperu.com\/wp-content\/uploads\/2018\/01\/FEATURED-LIMA-36x23.jpg 36w, https:\/\/www.culturandesperu.com\/wp-content\/uploads\/2018\/01\/FEATURED-LIMA-48x30.jpg 48w\" sizes=\"(max-width: 900px) 100vw, 900px\" \/><div class=\"tz-overlay\"><\/div>                                                                    <\/a>\r\n                                                            <\/div>\r\n                            <div class=\"content\">\r\n                                <h3 class=\"title\">\r\n                                    <a href=\"https:\/\/www.culturandesperu.com\/es\/destination\/lima-capital-del-peru\/\">Lima &#8211; Capital del Per\u00fa<\/a>\r\n                                <\/h3>\r\n\r\n                                \r\n                                \r\n                                                            <\/div>\r\n                        <\/div>\r\n                    \r\n                    \r\n                                            <div class=\"distination-item \">\r\n                                                        <div class=\"des-img\"\r\n                                 >\r\n                                                                <a href=\"https:\/\/www.culturandesperu.com\/es\/destination\/cusco-valle-sagrado\/\">\r\n                                                                        <img width=\"900\" height=\"563\" src=\"https:\/\/www.culturandesperu.com\/wp-content\/uploads\/2018\/01\/FEATURED-CUSCO-1024x640.jpg\" class=\"attachment-large\" alt=\"Cusco &amp; Sacred Valley Travel\" loading=\"lazy\" title=\"FEATURED CUSCO\" srcset=\"https:\/\/www.culturandesperu.com\/wp-content\/uploads\/2018\/01\/FEATURED-CUSCO-1024x640.jpg 1024w, https:\/\/www.culturandesperu.com\/wp-content\/uploads\/2018\/01\/FEATURED-CUSCO-300x188.jpg 300w, https:\/\/www.culturandesperu.com\/wp-content\/uploads\/2018\/01\/FEATURED-CUSCO-768x480.jpg 768w, https:\/\/www.culturandesperu.com\/wp-content\/uploads\/2018\/01\/FEATURED-CUSCO-24x15.jpg 24w, https:\/\/www.culturandesperu.com\/wp-content\/uploads\/2018\/01\/FEATURED-CUSCO-36x23.jpg 36w, https:\/\/www.culturandesperu.com\/wp-content\/uploads\/2018\/01\/FEATURED-CUSCO-48x30.jpg 48w\" sizes=\"(max-width: 900px) 100vw, 900px\" \/><div class=\"tz-overlay\"><\/div>                                                                    <\/a>\r\n                                                            <\/div>\r\n                            <div class=\"content\">\r\n                                <h3 class=\"title\">\r\n                                    <a href=\"https:\/\/www.culturandesperu.com\/es\/destination\/cusco-valle-sagrado\/\">Cusco &#038; Valle Sagrado<\/a>\r\n                                <\/h3>\r\n\r\n                                \r\n                                \r\n                                                            <\/div>\r\n                        <\/div>\r\n                    \r\n                    \r\n                                            <div class=\"distination-item \">\r\n                                                        <div class=\"des-img\"\r\n                                 >\r\n                                                                <a href=\"https:\/\/www.culturandesperu.com\/es\/destination\/machu-picchu\/\">\r\n                                                                        <img width=\"900\" height=\"563\" src=\"https:\/\/www.culturandesperu.com\/wp-content\/uploads\/2018\/01\/FEATURED-MACHU-PICCHU-1-1024x640.jpg\" class=\"attachment-large\" alt=\"Machu Picchu\" loading=\"lazy\" title=\"FEATURED MACHU PICCHU\" srcset=\"https:\/\/www.culturandesperu.com\/wp-content\/uploads\/2018\/01\/FEATURED-MACHU-PICCHU-1-1024x640.jpg 1024w, https:\/\/www.culturandesperu.com\/wp-content\/uploads\/2018\/01\/FEATURED-MACHU-PICCHU-1-300x188.jpg 300w, https:\/\/www.culturandesperu.com\/wp-content\/uploads\/2018\/01\/FEATURED-MACHU-PICCHU-1-768x480.jpg 768w, https:\/\/www.culturandesperu.com\/wp-content\/uploads\/2018\/01\/FEATURED-MACHU-PICCHU-1-24x15.jpg 24w, https:\/\/www.culturandesperu.com\/wp-content\/uploads\/2018\/01\/FEATURED-MACHU-PICCHU-1-36x23.jpg 36w, https:\/\/www.culturandesperu.com\/wp-content\/uploads\/2018\/01\/FEATURED-MACHU-PICCHU-1-48x30.jpg 48w\" sizes=\"(max-width: 900px) 100vw, 900px\" \/><div class=\"tz-overlay\"><\/div>                                                                    <\/a>\r\n                                                            <\/div>\r\n                            <div class=\"content\">\r\n                                <h3 class=\"title\">\r\n                                    <a href=\"https:\/\/www.culturandesperu.com\/es\/destination\/machu-picchu\/\">Machu Picchu<\/a>\r\n                                <\/h3>\r\n\r\n                                \r\n                                \r\n                                                            <\/div>\r\n                        <\/div>\r\n                    \r\n                    \r\n                                            <div class=\"distination-item \">\r\n                                                        <div class=\"des-img\"\r\n                                 >\r\n                                                                <a href=\"https:\/\/www.culturandesperu.com\/es\/destination\/puno-lago-titicaca\/\">\r\n                                                                        <img width=\"900\" height=\"563\" src=\"https:\/\/www.culturandesperu.com\/wp-content\/uploads\/2018\/01\/FEATURED-PUNO-1024x640.jpg\" class=\"attachment-large\" alt=\"Puno &amp; Lake Titicaca\" loading=\"lazy\" title=\"FEATURED PUNO\" srcset=\"https:\/\/www.culturandesperu.com\/wp-content\/uploads\/2018\/01\/FEATURED-PUNO-1024x640.jpg 1024w, https:\/\/www.culturandesperu.com\/wp-content\/uploads\/2018\/01\/FEATURED-PUNO-300x188.jpg 300w, https:\/\/www.culturandesperu.com\/wp-content\/uploads\/2018\/01\/FEATURED-PUNO-768x480.jpg 768w, https:\/\/www.culturandesperu.com\/wp-content\/uploads\/2018\/01\/FEATURED-PUNO-24x15.jpg 24w, https:\/\/www.culturandesperu.com\/wp-content\/uploads\/2018\/01\/FEATURED-PUNO-36x23.jpg 36w, https:\/\/www.culturandesperu.com\/wp-content\/uploads\/2018\/01\/FEATURED-PUNO-48x30.jpg 48w\" sizes=\"(max-width: 900px) 100vw, 900px\" \/><div class=\"tz-overlay\"><\/div>                                                                    <\/a>\r\n                                                            <\/div>\r\n                            <div class=\"content\">\r\n                                <h3 class=\"title\">\r\n                                    <a href=\"https:\/\/www.culturandesperu.com\/es\/destination\/puno-lago-titicaca\/\">Puno &#038; Lago Titicaca<\/a>\r\n                                <\/h3>\r\n\r\n                                \r\n                                \r\n                                                            <\/div>\r\n                        <\/div>\r\n                    \r\n                    \r\n                                            <div class=\"distination-item \">\r\n                                                        <div class=\"des-img\"\r\n                                 >\r\n                                                                <a href=\"https:\/\/www.culturandesperu.com\/es\/destination\/arequipa-el-canon-del-colca\/\">\r\n                                                                        <img width=\"900\" height=\"563\" src=\"https:\/\/www.culturandesperu.com\/wp-content\/uploads\/2018\/01\/FEATURED-AREQUIPA-1024x640.jpg\" class=\"attachment-large\" alt=\"Arequipa &amp; The Colca Canyon\" loading=\"lazy\" title=\"FEATURED AREQUIPA\" srcset=\"https:\/\/www.culturandesperu.com\/wp-content\/uploads\/2018\/01\/FEATURED-AREQUIPA-1024x640.jpg 1024w, https:\/\/www.culturandesperu.com\/wp-content\/uploads\/2018\/01\/FEATURED-AREQUIPA-300x188.jpg 300w, https:\/\/www.culturandesperu.com\/wp-content\/uploads\/2018\/01\/FEATURED-AREQUIPA-768x480.jpg 768w, https:\/\/www.culturandesperu.com\/wp-content\/uploads\/2018\/01\/FEATURED-AREQUIPA-24x15.jpg 24w, https:\/\/www.culturandesperu.com\/wp-content\/uploads\/2018\/01\/FEATURED-AREQUIPA-36x23.jpg 36w, https:\/\/www.culturandesperu.com\/wp-content\/uploads\/2018\/01\/FEATURED-AREQUIPA-48x30.jpg 48w\" sizes=\"(max-width: 900px) 100vw, 900px\" \/><div class=\"tz-overlay\"><\/div>                                                                    <\/a>\r\n                                                            <\/div>\r\n                            <div class=\"content\">\r\n                                <h3 class=\"title\">\r\n                                    <a href=\"https:\/\/www.culturandesperu.com\/es\/destination\/arequipa-el-canon-del-colca\/\">Arequipa &#038; El Ca\u00f1\u00f3n del Colca<\/a>\r\n                                <\/h3>\r\n\r\n                                \r\n                                \r\n                                                            <\/div>\r\n                        <\/div>\r\n                    \r\n                    \r\n                                            <div class=\"distination-item \">\r\n                                                        <div class=\"des-img\"\r\n                                 >\r\n                                                                <a href=\"https:\/\/www.culturandesperu.com\/es\/destination\/chachapoyas-kuelap\/\">\r\n                                                                        <img width=\"900\" height=\"563\" src=\"https:\/\/www.culturandesperu.com\/wp-content\/uploads\/2018\/01\/FEATURED-CHACHAPOYAS-1024x640.jpg\" class=\"attachment-large\" alt=\"Chachapoyas - Kuelap\" loading=\"lazy\" title=\"FEATURED CHACHAPOYAS\" srcset=\"https:\/\/www.culturandesperu.com\/wp-content\/uploads\/2018\/01\/FEATURED-CHACHAPOYAS-1024x640.jpg 1024w, https:\/\/www.culturandesperu.com\/wp-content\/uploads\/2018\/01\/FEATURED-CHACHAPOYAS-300x188.jpg 300w, https:\/\/www.culturandesperu.com\/wp-content\/uploads\/2018\/01\/FEATURED-CHACHAPOYAS-768x480.jpg 768w, https:\/\/www.culturandesperu.com\/wp-content\/uploads\/2018\/01\/FEATURED-CHACHAPOYAS-24x15.jpg 24w, https:\/\/www.culturandesperu.com\/wp-content\/uploads\/2018\/01\/FEATURED-CHACHAPOYAS-36x23.jpg 36w, https:\/\/www.culturandesperu.com\/wp-content\/uploads\/2018\/01\/FEATURED-CHACHAPOYAS-48x30.jpg 48w\" sizes=\"(max-width: 900px) 100vw, 900px\" \/><div class=\"tz-overlay\"><\/div>                                                                    <\/a>\r\n                                                            <\/div>\r\n                            <div class=\"content\">\r\n                                <h3 class=\"title\">\r\n                                    <a href=\"https:\/\/www.culturandesperu.com\/es\/destination\/chachapoyas-kuelap\/\">Chachapoyas &#038; Ku\u00e9lap<\/a>\r\n                                <\/h3>\r\n\r\n                                \r\n                                \r\n                                                            <\/div>\r\n                        <\/div>\r\n                    \r\n                    \r\n                                            <div class=\"distination-item \">\r\n                                                        <div class=\"des-img\"\r\n                                 >\r\n                                                                <a href=\"https:\/\/www.culturandesperu.com\/es\/destination\/ica-huacachina\/\">\r\n                                                                        <img width=\"900\" height=\"563\" src=\"https:\/\/www.culturandesperu.com\/wp-content\/uploads\/2018\/01\/FEATURED-ICA-1024x640.jpg\" class=\"attachment-large\" alt=\"Huacachina Sand Buggy and Sandboarding\" loading=\"lazy\" title=\"FEATURED ICA\" srcset=\"https:\/\/www.culturandesperu.com\/wp-content\/uploads\/2018\/01\/FEATURED-ICA-1024x640.jpg 1024w, https:\/\/www.culturandesperu.com\/wp-content\/uploads\/2018\/01\/FEATURED-ICA-300x188.jpg 300w, https:\/\/www.culturandesperu.com\/wp-content\/uploads\/2018\/01\/FEATURED-ICA-768x480.jpg 768w, https:\/\/www.culturandesperu.com\/wp-content\/uploads\/2018\/01\/FEATURED-ICA-24x15.jpg 24w, https:\/\/www.culturandesperu.com\/wp-content\/uploads\/2018\/01\/FEATURED-ICA-36x23.jpg 36w, https:\/\/www.culturandesperu.com\/wp-content\/uploads\/2018\/01\/FEATURED-ICA-48x30.jpg 48w\" sizes=\"(max-width: 900px) 100vw, 900px\" \/><div class=\"tz-overlay\"><\/div>                                                                    <\/a>\r\n                                                            <\/div>\r\n                            <div class=\"content\">\r\n                                <h3 class=\"title\">\r\n                                    <a href=\"https:\/\/www.culturandesperu.com\/es\/destination\/ica-huacachina\/\">Ica &#038; Huacachina<\/a>\r\n                                <\/h3>\r\n\r\n                                \r\n                                \r\n                                                            <\/div>\r\n                        <\/div>\r\n                    \r\n                    \r\n                                            <div class=\"distination-item \">\r\n                                                        <div class=\"des-img\"\r\n                                 >\r\n                                                                <a href=\"https:\/\/www.culturandesperu.com\/es\/destination\/reserva-nacional-de-tambopata\/\">\r\n                                                                        <img width=\"900\" height=\"563\" src=\"https:\/\/www.culturandesperu.com\/wp-content\/uploads\/2018\/01\/FEATURED-TAMBOPATA-1024x640.jpg\" class=\"attachment-large\" alt=\"Tambopata\" loading=\"lazy\" title=\"FEATURED TAMBOPATA\" srcset=\"https:\/\/www.culturandesperu.com\/wp-content\/uploads\/2018\/01\/FEATURED-TAMBOPATA-1024x640.jpg 1024w, https:\/\/www.culturandesperu.com\/wp-content\/uploads\/2018\/01\/FEATURED-TAMBOPATA-300x188.jpg 300w, https:\/\/www.culturandesperu.com\/wp-content\/uploads\/2018\/01\/FEATURED-TAMBOPATA-768x480.jpg 768w, https:\/\/www.culturandesperu.com\/wp-content\/uploads\/2018\/01\/FEATURED-TAMBOPATA-24x15.jpg 24w, https:\/\/www.culturandesperu.com\/wp-content\/uploads\/2018\/01\/FEATURED-TAMBOPATA-36x23.jpg 36w, https:\/\/www.culturandesperu.com\/wp-content\/uploads\/2018\/01\/FEATURED-TAMBOPATA-48x30.jpg 48w\" sizes=\"(max-width: 900px) 100vw, 900px\" \/><div class=\"tz-overlay\"><\/div>                                                                    <\/a>\r\n                                                            <\/div>\r\n                            <div class=\"content\">\r\n                                <h3 class=\"title\">\r\n                                    <a href=\"https:\/\/www.culturandesperu.com\/es\/destination\/reserva-nacional-de-tambopata\/\">Reserva Nacional de Tambopata<\/a>\r\n                                <\/h3>\r\n\r\n                                \r\n                                \r\n                                                            <\/div>\r\n                        <\/div>\r\n                    \r\n                    \r\n                                            <div class=\"distination-item \">\r\n                                                        <div class=\"des-img\"\r\n                                 >\r\n                                                                <a href=\"https:\/\/www.culturandesperu.com\/es\/destination\/iquitos-el-rio-amazonas\/\">\r\n                                                                        <img width=\"900\" height=\"563\" src=\"https:\/\/www.culturandesperu.com\/wp-content\/uploads\/2018\/01\/FEATURED-IQUITOS-1024x640.jpg\" class=\"attachment-large\" alt=\"Iquitos &amp; Amazon River\" loading=\"lazy\" title=\"FEATURED IQUITOS\" srcset=\"https:\/\/www.culturandesperu.com\/wp-content\/uploads\/2018\/01\/FEATURED-IQUITOS-1024x640.jpg 1024w, https:\/\/www.culturandesperu.com\/wp-content\/uploads\/2018\/01\/FEATURED-IQUITOS-300x188.jpg 300w, https:\/\/www.culturandesperu.com\/wp-content\/uploads\/2018\/01\/FEATURED-IQUITOS-768x480.jpg 768w, https:\/\/www.culturandesperu.com\/wp-content\/uploads\/2018\/01\/FEATURED-IQUITOS-24x15.jpg 24w, https:\/\/www.culturandesperu.com\/wp-content\/uploads\/2018\/01\/FEATURED-IQUITOS-36x23.jpg 36w, https:\/\/www.culturandesperu.com\/wp-content\/uploads\/2018\/01\/FEATURED-IQUITOS-48x30.jpg 48w\" sizes=\"(max-width: 900px) 100vw, 900px\" \/><div class=\"tz-overlay\"><\/div>                                                                    <\/a>\r\n                                                            <\/div>\r\n                            <div class=\"content\">\r\n                                <h3 class=\"title\">\r\n                                    <a href=\"https:\/\/www.culturandesperu.com\/es\/destination\/iquitos-el-rio-amazonas\/\">Iquitos &#038; El R\u00edo Amazonas<\/a>\r\n                                <\/h3>\r\n\r\n                                \r\n                                \r\n                                                            <\/div>\r\n                        <\/div>\r\n                    \r\n                    \r\n                                            <div class=\"distination-item \">\r\n                                                        <div class=\"des-img\"\r\n                                 >\r\n                                                                <a href=\"https:\/\/www.culturandesperu.com\/es\/destination\/las-lineas-de-nazca\/\">\r\n                                                                        <img width=\"900\" height=\"563\" src=\"https:\/\/www.culturandesperu.com\/wp-content\/uploads\/2018\/01\/FEATURED-NAZCA-1024x640.jpg\" class=\"attachment-large\" alt=\"Nazca\" loading=\"lazy\" title=\"FEATURED NAZCA\" srcset=\"https:\/\/www.culturandesperu.com\/wp-content\/uploads\/2018\/01\/FEATURED-NAZCA-1024x640.jpg 1024w, https:\/\/www.culturandesperu.com\/wp-content\/uploads\/2018\/01\/FEATURED-NAZCA-300x188.jpg 300w, https:\/\/www.culturandesperu.com\/wp-content\/uploads\/2018\/01\/FEATURED-NAZCA-768x480.jpg 768w, https:\/\/www.culturandesperu.com\/wp-content\/uploads\/2018\/01\/FEATURED-NAZCA-24x15.jpg 24w, https:\/\/www.culturandesperu.com\/wp-content\/uploads\/2018\/01\/FEATURED-NAZCA-36x23.jpg 36w, https:\/\/www.culturandesperu.com\/wp-content\/uploads\/2018\/01\/FEATURED-NAZCA-48x30.jpg 48w\" sizes=\"(max-width: 900px) 100vw, 900px\" \/><div class=\"tz-overlay\"><\/div>                                                                    <\/a>\r\n                                                            <\/div>\r\n                            <div class=\"content\">\r\n                                <h3 class=\"title\">\r\n                                    <a href=\"https:\/\/www.culturandesperu.com\/es\/destination\/las-lineas-de-nazca\/\">Las L\u00edneas de Nazca<\/a>\r\n                                <\/h3>\r\n\r\n                                \r\n                                \r\n                                                            <\/div>\r\n                        <\/div>\r\n                    \r\n                    \r\n                                            <div class=\"distination-item \">\r\n                                                        <div class=\"des-img\"\r\n                                 >\r\n                                                                <a href=\"https:\/\/www.culturandesperu.com\/es\/destination\/trujillo\/\">\r\n                                                                        <img width=\"900\" height=\"563\" src=\"https:\/\/www.culturandesperu.com\/wp-content\/uploads\/2018\/01\/FEATURED-TRUJILLO-1-1024x640.jpg\" class=\"attachment-large\" alt=\"Trujillo Peru tours  - Chan Chan\" loading=\"lazy\" title=\"FEATURED TRUJILLO\" srcset=\"https:\/\/www.culturandesperu.com\/wp-content\/uploads\/2018\/01\/FEATURED-TRUJILLO-1-1024x640.jpg 1024w, https:\/\/www.culturandesperu.com\/wp-content\/uploads\/2018\/01\/FEATURED-TRUJILLO-1-300x188.jpg 300w, https:\/\/www.culturandesperu.com\/wp-content\/uploads\/2018\/01\/FEATURED-TRUJILLO-1-768x480.jpg 768w, https:\/\/www.culturandesperu.com\/wp-content\/uploads\/2018\/01\/FEATURED-TRUJILLO-1-24x15.jpg 24w, https:\/\/www.culturandesperu.com\/wp-content\/uploads\/2018\/01\/FEATURED-TRUJILLO-1-36x23.jpg 36w, https:\/\/www.culturandesperu.com\/wp-content\/uploads\/2018\/01\/FEATURED-TRUJILLO-1-48x30.jpg 48w\" sizes=\"(max-width: 900px) 100vw, 900px\" \/><div class=\"tz-overlay\"><\/div>                                                                    <\/a>\r\n                                                            <\/div>\r\n                            <div class=\"content\">\r\n                                <h3 class=\"title\">\r\n                                    <a href=\"https:\/\/www.culturandesperu.com\/es\/destination\/trujillo\/\">Trujillo<\/a>\r\n                                <\/h3>\r\n\r\n                                \r\n                                \r\n                                                            <\/div>\r\n                        <\/div>\r\n                    \r\n                    \r\n                                            <div class=\"distination-item \">\r\n                                                        <div class=\"des-img\"\r\n                                 >\r\n                                                                <a href=\"https:\/\/www.culturandesperu.com\/es\/destination\/huaraz\/\">\r\n                                                                        <img width=\"900\" height=\"563\" src=\"https:\/\/www.culturandesperu.com\/wp-content\/uploads\/2018\/01\/FEATURED-HUARAZ-1024x640.jpg\" class=\"attachment-large\" alt=\"Huaraz Tours, Cordillera Blanca trekking\" loading=\"lazy\" title=\"FEATURED HUARAZ\" srcset=\"https:\/\/www.culturandesperu.com\/wp-content\/uploads\/2018\/01\/FEATURED-HUARAZ-1024x640.jpg 1024w, https:\/\/www.culturandesperu.com\/wp-content\/uploads\/2018\/01\/FEATURED-HUARAZ-300x188.jpg 300w, https:\/\/www.culturandesperu.com\/wp-content\/uploads\/2018\/01\/FEATURED-HUARAZ-768x480.jpg 768w, https:\/\/www.culturandesperu.com\/wp-content\/uploads\/2018\/01\/FEATURED-HUARAZ-24x15.jpg 24w, https:\/\/www.culturandesperu.com\/wp-content\/uploads\/2018\/01\/FEATURED-HUARAZ-36x23.jpg 36w, https:\/\/www.culturandesperu.com\/wp-content\/uploads\/2018\/01\/FEATURED-HUARAZ-48x30.jpg 48w\" sizes=\"(max-width: 900px) 100vw, 900px\" \/><div class=\"tz-overlay\"><\/div>                                                                    <\/a>\r\n                                                            <\/div>\r\n                            <div class=\"content\">\r\n                                <h3 class=\"title\">\r\n                                    <a href=\"https:\/\/www.culturandesperu.com\/es\/destination\/huaraz\/\">Huaraz<\/a>\r\n                                <\/h3>\r\n\r\n                                \r\n                                \r\n                                                            <\/div>\r\n                        <\/div>\r\n                    \r\n                    \r\n                                            <div class=\"distination-item \">\r\n                                                        <div class=\"des-img\"\r\n                                 >\r\n                                                                <a href=\"https:\/\/www.culturandesperu.com\/es\/destination\/chiclayo\/\">\r\n                                                                        <img width=\"900\" height=\"563\" src=\"https:\/\/www.culturandesperu.com\/wp-content\/uploads\/2018\/01\/FEATURED-CHICLAYO-1024x640.jpg\" class=\"attachment-large\" alt=\"tour-moche- trujillo\" loading=\"lazy\" title=\"FEATURED CHICLAYO\" srcset=\"https:\/\/www.culturandesperu.com\/wp-content\/uploads\/2018\/01\/FEATURED-CHICLAYO-1024x640.jpg 1024w, https:\/\/www.culturandesperu.com\/wp-content\/uploads\/2018\/01\/FEATURED-CHICLAYO-300x188.jpg 300w, https:\/\/www.culturandesperu.com\/wp-content\/uploads\/2018\/01\/FEATURED-CHICLAYO-768x480.jpg 768w, https:\/\/www.culturandesperu.com\/wp-content\/uploads\/2018\/01\/FEATURED-CHICLAYO-24x15.jpg 24w, https:\/\/www.culturandesperu.com\/wp-content\/uploads\/2018\/01\/FEATURED-CHICLAYO-36x23.jpg 36w, https:\/\/www.culturandesperu.com\/wp-content\/uploads\/2018\/01\/FEATURED-CHICLAYO-48x30.jpg 48w\" sizes=\"(max-width: 900px) 100vw, 900px\" \/><div class=\"tz-overlay\"><\/div>                                                                    <\/a>\r\n                                                            <\/div>\r\n                            <div class=\"content\">\r\n                                <h3 class=\"title\">\r\n                                    <a href=\"https:\/\/www.culturandesperu.com\/es\/destination\/chiclayo\/\">Chiclayo<\/a>\r\n                                <\/h3>\r\n\r\n                                \r\n                                \r\n                                                            <\/div>\r\n                        <\/div>\r\n                    \r\n                                                <\/div>\r\n                                    <script type=\"text\/javascript\">\r\n                    jQuery(window).load(function(){\r\n                        \"use strict\";\r\n\r\n                        jQuery('#destination-slider-793047323').each(function () {\r\n                            jQuery(this).owlCarousel({\r\n                                rtl: false,\r\n                                autoplay: true,\r\n                                autoplayTimeout: 3000,\r\n                                autoplayHoverPause: true,\r\n                                loop: true,\r\n                                nav: true,\r\n                                navText: ['<i class=\"fa fa-chevron-left\" aria-hidden=\"true\"><\/i>', '<i class=\"fa fa-chevron-right\" aria-hidden=\"true\"><\/i>'],\r\n                                center: false,\r\n                                responsive: {\r\n                                    0: {\r\n                                        items: 1                                    },\r\n                                    600: {\r\n                                        items: 2                                    },\r\n                                    992: {\r\n                                        items: 2                                    },\r\n                                    1200: {\r\n                                        items: 4                                    },\r\n                                    1500: {\r\n                                        items: 4,\r\n                                    }\r\n                                },\r\n                                margin: 0                            })\r\n                        })\r\n                    });\r\n                <\/script>\r\n                <\/div>\r\n    [vc_btn title=&#8221;PERSONALIZA TU VIAJE&#8221; style=&#8221;classic&#8221; color=&#8221;pink&#8221; size=&#8221;lg&#8221; align=&#8221;center&#8221; i_align=&#8221;right&#8221; i_icon_fontawesome=&#8221;fas fa-angle-double-right&#8221; add_icon=&#8221;true&#8221; link=&#8221;url:https%3A%2F%2Fwww.culturandesperu.com%2Fes%2Fcontactenos%2F&#8221; css=&#8221;.vc_custom_1712664656161{margin-top: 25px !important;}&#8221;][\/vc_column][\/vc_row][vc_row tz_row_type=&#8221;grid&#8221; full_width=&#8221;stretch_row_content_no_spaces&#8221; content_placement=&#8221;middle&#8221; parallax=&#8221;content-moving&#8221; parallax_image=&#8221;32251&#8243; css=&#8221;.vc_custom_1712665184395{margin-top: 10px !important;margin-right: 10px !important;margin-bottom: 10px !important;margin-left: 10px !important;padding-top: 40px !important;padding-right: 40px !important;padding-bottom: 40px !important;padding-left: 40px !important;}&#8221;][vc_column][vc_column_text css=&#8221;.vc_custom_1712664946531{padding-top: 50px !important;}&#8221;]\n<h2 style=\"text-align: center; color: #fdbe2b; font-size: 35px; font-weight: 800; text-transform: uppercase;\">Todos nuestros tours son totalmente personalizables<\/h2>\n[\/vc_column_text][vc_column_text css=&#8221;.vc_custom_1712664956246{margin-top: 15px !important;}&#8221;]\n<p style=\"text-align: center; color: #fff; font-size: 18px;\">Podemos personalizar y adaptar tu viaje para satisfacer tus necesidades y deseos espec\u00edficos, sean cuales sean. Nuestras principales preocupaciones son tu seguridad y comodidad; todos nuestros tours han sido cuidadosamente dise\u00f1ados de manera que garantizar\u00e1n tu bienestar en Per\u00fa y tambi\u00e9n te brindar\u00e1n la mejor clase y comodidad disponible en el pa\u00eds. Todos nuestros paquetes est\u00e1n dise\u00f1ados para ser lo m\u00e1s inclusivos posible, al tiempo que te ofrecen la flexibilidad para pasar tus vacaciones como desees. Ofrecemos a nuestros clientes una experiencia de viaje verdaderamente excepcional que es exclusiva y gratificante.<\/p>\n[\/vc_column_text][vc_btn title=&#8221;PERSONALIZA TU VIAJE&#8221; style=&#8221;classic&#8221; color=&#8221;pink&#8221; size=&#8221;lg&#8221; align=&#8221;center&#8221; i_align=&#8221;right&#8221; i_icon_fontawesome=&#8221;fas fa-angle-double-right&#8221; add_icon=&#8221;true&#8221; link=&#8221;url:https%3A%2F%2Fwww.culturandesperu.com%2Fes%2Fcontactenos%2F&#8221; css=&#8221;.vc_custom_1712664656161{margin-top: 25px !important;}&#8221;][\/vc_column][\/vc_row][vc_row tz_row_type=&#8221;grid&#8221; css=&#8221;.vc_custom_1712665619283{margin-top: 50px !important;margin-bottom: 50px !important;}&#8221;][vc_column width=&#8221;1\/4&#8243; css=&#8221;.vc_custom_1712665632247{border-right-width: 2px !important;padding-top: 15px !important;padding-right: 15px !important;padding-bottom: 15px !important;padding-left: 15px !important;background-color: #f8f8f8 !important;border-right-color: #ffffff !important;border-right-style: solid !important;}&#8221;][vc_single_image image=&#8221;32257&#8243; img_size=&#8221;full&#8221; alignment=&#8221;center&#8221;][vc_column_text]\n<p style=\"text-align: center; font-size: 18px;\">Nuestro equipo dise\u00f1a un posible viaje a medida para ti<\/p>\n[\/vc_column_text][\/vc_column][vc_column width=&#8221;1\/4&#8243; css=&#8221;.vc_custom_1712665637435{border-right-width: 2px !important;padding-top: 15px !important;padding-right: 15px !important;padding-bottom: 15px !important;padding-left: 15px !important;background-color: #f8f8f8 !important;border-right-color: #ffffff !important;border-right-style: solid !important;}&#8221;][vc_single_image image=&#8221;32255&#8243; img_size=&#8221;full&#8221; alignment=&#8221;center&#8221;][vc_column_text]\n<p style=\"text-align: center; font-size: 18px;\">Recibimos y escuchamos tus necesidades<\/p>\n[\/vc_column_text][\/vc_column][vc_column width=&#8221;1\/4&#8243; css=&#8221;.vc_custom_1712665642707{border-right-width: 2px !important;padding-top: 15px !important;padding-right: 15px !important;padding-bottom: 15px !important;padding-left: 15px !important;background-color: #f8f8f8 !important;border-right-color: #ffffff !important;border-right-style: solid !important;}&#8221;][vc_single_image image=&#8221;32256&#8243; img_size=&#8221;full&#8221; alignment=&#8221;center&#8221;][vc_column_text]\n<p style=\"text-align: center; font-size: 18px;\">Recibimos tus opiniones y finalizamos los detalles<\/p>\n[\/vc_column_text][\/vc_column][vc_column width=&#8221;1\/4&#8243; css=&#8221;.vc_custom_1712665647762{padding-top: 15px !important;padding-right: 15px !important;padding-bottom: 15px !important;padding-left: 15px !important;background-color: #f8f8f8 !important;}&#8221;][vc_single_image image=&#8221;32258&#8243; img_size=&#8221;full&#8221; alignment=&#8221;center&#8221;][vc_column_text]\n<p style=\"text-align: center; font-size: 18px;\">Disfrutas del viaje que te mereces<\/p>\n[\/vc_column_text][\/vc_column][\/vc_row][vc_row tz_row_type=&#8221;grid&#8221; full_width=&#8221;stretch_row&#8221; css=&#8221;.vc_custom_1712665708774{padding-top: 40px !important;padding-bottom: 40px !important;background-color: #f8f8f8 !important;}&#8221;][vc_column][vc_custom_heading text=&#8221;Opiniones&#8221; font_container=&#8221;tag:h2|font_size:40|text_align:center&#8221; use_theme_fonts=&#8221;yes&#8221;][vc_column_text]\n<p style=\"text-align: center; font-size: 18px;\">Viajar devuelve poder y amor a tu vida<\/p>\n[\/vc_column_text][vc_row_inner css=&#8221;.vc_custom_1712665797952{margin-top: 30px !important;}&#8221;][vc_column_inner width=&#8221;1\/3&#8243;][vc_hoverbox image=&#8221;32259&#8243; primary_title=&#8221;United States of America&#8221; hover_title=&#8221;Cecilia LeWand&#8221; shape=&#8221;square&#8221; hover_btn_title=&#8221;Leer m\u00e1s&#8221; hover_btn_style=&#8221;classic&#8221; hover_btn_shape=&#8221;round&#8221; hover_btn_color=&#8221;danger&#8221; hover_add_button=&#8221;true&#8221; el_class=&#8221;textoblanco&#8221; hover_btn_link=&#8221;url:https%3A%2F%2Fwww.culturandesperu.com%2Fes%2Ftestimonios%2Fcecilia-lewand-united-states-of-america%2F&#8221;]\n<p style=\"text-align: justify;\">Our experience in Peru was unbelievable. Cultura Andes did everything necessary to satisfy our demand. They organized the perfect private tour for our family. From hotels, transportation and guided tours, everything was excelente. Our group included our two kids 5 &amp; 7 year old. Cutura Andes\u2019 guide did a great job keeping them interested on all the guided tours. My kids were fascinated listening the stories of &#8230;<\/p>\n[\/vc_hoverbox][\/vc_column_inner][vc_column_inner width=&#8221;1\/3&#8243;][vc_hoverbox image=&#8221;32261&#8243; primary_title=&#8221;Espa\u00f1a&#8221; hover_title=&#8221;Cristina y Santiago&#8221; shape=&#8221;square&#8221; hover_btn_title=&#8221;Leer m\u00e1s&#8221; hover_btn_style=&#8221;classic&#8221; hover_btn_shape=&#8221;round&#8221; hover_btn_color=&#8221;danger&#8221; hover_add_button=&#8221;true&#8221; el_class=&#8221;textoblanco&#8221; hover_btn_link=&#8221;url:https%3A%2F%2Fwww.culturandesperu.com%2Fes%2Ftestimonios%2Fcristina-fondevilla-y-santiago-espana%2F&#8221;]\u201cPens\u00e1bamos que 14 d\u00edas ser\u00edan suficientes para ver muchas cosas en Per\u00fa; si bien es cierto que vimos mucho, 2 semanas no es suficiente para recorrer todo Per\u00fa y disfrutar de las maravillas que tiene que ofrecer. Tenemos que agradecer la disponibilidad en todo momento de Culturandes y su equipo (reservas, contabilidad y los gu\u00edas), nos ayudaron con la preparaci\u00f3n del viaje, una mejor planificaci\u00f3n y reserva de &#8230;<\/p>\n[\/vc_hoverbox][\/vc_column_inner][vc_column_inner width=&#8221;1\/3&#8243;][vc_hoverbox image=&#8221;32260&#8243; primary_title=&#8221;Canada&#8221; hover_title=&#8221;Brahm Gallay&#8221; shape=&#8221;square&#8221; hover_btn_title=&#8221;Leer m\u00e1s&#8221; hover_btn_style=&#8221;classic&#8221; hover_btn_shape=&#8221;round&#8221; hover_btn_color=&#8221;danger&#8221; hover_add_button=&#8221;true&#8221; el_class=&#8221;textoblanco&#8221; hover_btn_link=&#8221;url:https%3A%2F%2Fwww.culturandesperu.com%2Fes%2Ftestimonios%2Ftestimonialsbrahm-gallay-canada%2F&#8221;]\n<p style=\"text-align: justify;\">We have used CulturAndes to select and plan our vacations in Peru. They are very professional, courteous and reliable. We used them to travel to Macchu Pichu, Colca Canyon , Arequipa, and the Amazon Jungle. They have an amazing network of drivers and tour guides who met us at each stop, and stayed with us the entire time. It made our travel truly memorable. We highly recommend this agency to anyone travelling &#8230;<\/p>\n[\/vc_hoverbox][\/vc_column_inner][\/vc_row_inner][vc_row_inner css=&#8221;.vc_custom_1712666152473{margin-top: 40px !important;}&#8221;][vc_column_inner width=&#8221;1\/3&#8243;][vc_hoverbox image=&#8221;14781&#8243; primary_title=&#8221;Finlandia&#8221; hover_title=&#8221;Julia Koch and Family&#8221; shape=&#8221;square&#8221; hover_btn_title=&#8221;Leer m\u00e1s&#8221; hover_btn_style=&#8221;classic&#8221; hover_btn_shape=&#8221;round&#8221; hover_btn_color=&#8221;danger&#8221; hover_add_button=&#8221;true&#8221; el_class=&#8221;textoblanco&#8221; hover_btn_link=&#8221;url:https%3A%2F%2Fwww.culturandesperu.com%2Fes%2Ftestimonios%2Fjulia-koch-familia%2F&#8221;]Travelling with \u201eCultur Andes\u201c is a pleasure: everything is well organized and taken care of. It starts the moment you arrive at the airport and continues throughout the entire journey up until the moment you leave. One never has the feeling of being lost or not being shown the right things, everybody is eager to please you. We were extremely lucky with our guide, Ayul, who has enormous knowledge of culture and history of his country&#8230;<\/p>\n[\/vc_hoverbox][\/vc_column_inner][vc_column_inner width=&#8221;1\/3&#8243;][vc_hoverbox image=&#8221;14801&#8243; primary_title=&#8221;Deutschland&#8221; hover_title=&#8221;Carola Chaparro Schmiel&#8221; shape=&#8221;square&#8221; hover_btn_title=&#8221;Leer m\u00e1s&#8221; hover_btn_style=&#8221;classic&#8221; hover_btn_shape=&#8221;round&#8221; hover_btn_color=&#8221;danger&#8221; hover_add_button=&#8221;true&#8221; el_class=&#8221;textoblanco&#8221; hover_btn_link=&#8221;url:https%3A%2F%2Fwww.culturandesperu.com%2Fes%2Ftestimonios%2Fcarola-chaparro-schmiel-deutschland%2F&#8221;]\n<p style=\"text-align: justify;\">Hallo, sehr gerne m\u00f6chte ich eine positive Bewertung f\u00fcr die Reise die wir mit dem Reiseb\u00fcro von Milagros gemacht haben abgeben. Die Reise war perfekt durchorganisiert. Wir waren als Gro\u00dffamilie f\u00fcr 9 Tage unterwegs. Die Bed\u00fcrfnisse waren etwas unterschiedlicher Natur, da die Gruppenteilnehmer zw. 20 und 85 Jahre alt waren. W\u00e4hrend sich der Gro\u00dfteil der Familie durch den 3 t\u00e4gigen Inca-Trail f\u00fchren lie\u00df, bekam &#8230;<\/p>\n[\/vc_hoverbox][\/vc_column_inner][vc_column_inner width=&#8221;1\/3&#8243;][vc_hoverbox image=&#8221;14791&#8243; primary_title=&#8221;Barcelona&#8221; hover_title=&#8221;Marta i Maria Mitj\u00e0 i Galceran&#8221; hover_btn_title=&#8221;Leer m\u00e1s&#8221; hover_add_button=&#8221;true&#8221; el_class=&#8221;textoblanco&#8221; hover_btn_link=&#8221;url:https%3A%2F%2Fculturandesperu.com%2Fes%2Ftestimonios%2Fmarta-i-maria-mitja-i-galceran-barcelona%2F|||&#8221;]\n<p style=\"text-align: justify;\">El passat mes d\u2019octubre vam poder dur a terme un viatge que ens feia molta il\u00b7lusi\u00f3 i que gr\u00e0cies a la bona gesti\u00f3 de tot el personal de Culturandes ens va resultar totalment satisfactori. Per nosaltres no nom\u00e9s \u00e9s important que funcionin adequadament les reserves i els serveis contractats, que \u00f2bviament tamb\u00e9, sin\u00f3 que al llarg de la nostra experi\u00e8ncia hem constatat que el grau de satisfacci\u00f3 en un viatge est &#8230;<\/p>\n[\/vc_hoverbox][\/vc_column_inner][\/vc_row_inner][\/vc_column][\/vc_row]\n","protected":false},"excerpt":{"rendered":"<p>[vc_row full_width=&#8221;stretch_row_content_no_spaces&#8221;][vc_column][rev_slider_vc alias=&#8221;slider-home-4-es&#8221;][\/vc_column][\/vc_row][vc_row tz_row_type=&#8221;grid&#8221; full_width=&#8221;stretch_row_content_no_spaces&#8221; css=&#8221;.vc_custom_1712649607221{margin-top: 35px !important;padding-bottom: 60px !important;}&#8221;][vc_column][vc_custom_heading text=&#8221;Tours destacados&#8221; font_container=&#8221;tag:h2|font_size:40|text_align:center&#8221; use_theme_fonts=&#8221;yes&#8221;][vc_column_text] Nosotros te proporcionaremos la aventura. Depende de ti construir los recuerdos [\/vc_column_text][\/vc_column][\/vc_row][vc_row css=&#8221;.vc_custom_1712666374890{margin-bottom: 40px !important;}&#8221;][vc_column width=&#8221;1\/4&#8243;][vc_custom_heading text=&#8221;Tours activos&#8221; font_container=&#8221;tag:h2|text_align:center&#8221; use_theme_fonts=&#8221;yes&#8221;][vc_hoverbox image=&#8221;13916&#8243; primary_title=&#8221;&#8221; hover_title=&#8221;&#8221; shape=&#8221;square&#8221; hover_btn_title=&#8221;Leer m\u00e1s&#8221; hover_btn_style=&#8221;classic&#8221; hover_btn_shape=&#8221;round&#8221; hover_btn_color=&#8221;danger&#8221; hover_btn_i_align=&#8221;right&#8221; hover_btn_i_icon_fontawesome=&#8221;fas fa-plane&#8221; hover_add_button=&#8221;true&#8221; hover_btn_add_icon=&#8221;true&#8221; el_class=&#8221;textoblanco&#8221; hover_btn_link=&#8221;url:https%3A%2F%2Fwww.culturandesperu.com%2Fes%2Ftour-category%2Factivo%2F&#8221;] Huayhuash Trek Ausangate Trek 5 [&hellip;]<\/p>\n","protected":false},"author":2,"featured_media":0,"parent":0,"menu_order":0,"comment_status":"closed","ping_status":"closed","template":"template-homepage.php","meta":[],"yoast_head":"<!-- This site is optimized with the Yoast SEO plugin v19.12 - https:\/\/yoast.com\/wordpress\/plugins\/seo\/ -->\n<title>Mejor tour a Per\u00fa, itinerarios a medida aut\u00e9nticos, eficiencia y seguridad<\/title>\n<meta name=\"description\" content=\"Mejor tour a Per\u00fa con agencia de viajes local, expertos en itinerarios a medidas, salidas grupales, viajeros solos, las mejores experiencias y gu\u00edas locales\" \/>\n<meta name=\"robots\" content=\"noindex, follow, max-snippet:-1, max-image-preview:large, max-video-preview:-1\" \/>\n<meta property=\"og:locale\" content=\"es_ES\" \/>\n<meta property=\"og:type\" content=\"article\" \/>\n<meta property=\"og:title\" content=\"Mejor tour a Per\u00fa, itinerarios a medida aut\u00e9nticos, eficiencia y seguridad\" \/>\n<meta property=\"og:description\" content=\"Mejor tour a Per\u00fa con agencia de viajes local, expertos en itinerarios a medidas, salidas grupales, viajeros solos, las mejores experiencias y gu\u00edas locales\" \/>\n<meta property=\"og:url\" content=\"https:\/\/www.culturandesperu.com\/es\/\" \/>\n<meta property=\"article:modified_time\" content=\"2024-04-09T12:39:37+00:00\" \/>\n<meta name=\"twitter:card\" content=\"summary_large_image\" \/>\n<meta name=\"twitter:label1\" content=\"Est. reading time\" \/>\n\t<meta name=\"twitter:data1\" content=\"5 minutes\" \/>\n<script type=\"application\/ld+json\" class=\"yoast-schema-graph\">{\"@context\":\"https:\/\/schema.org\",\"@graph\":[{\"@type\":\"WebPage\",\"@id\":\"https:\/\/www.culturandesperu.com\/es\/\",\"url\":\"https:\/\/www.culturandesperu.com\/es\/\",\"name\":\"Mejor tour a Per\u00fa, itinerarios a medida aut\u00e9nticos, eficiencia y seguridad\",\"isPartOf\":{\"@id\":\"https:\/\/www.culturandesperu.com\/#website\"},\"datePublished\":\"2018-01-17T11:39:09+00:00\",\"dateModified\":\"2024-04-09T12:39:37+00:00\",\"description\":\"Mejor tour a Per\u00fa con agencia de viajes local, expertos en itinerarios a medidas, salidas grupales, viajeros solos, las mejores experiencias y gu\u00edas locales\",\"breadcrumb\":{\"@id\":\"https:\/\/www.culturandesperu.com\/es\/#breadcrumb\"},\"inLanguage\":\"es-ES\",\"potentialAction\":[{\"@type\":\"ReadAction\",\"target\":[\"https:\/\/www.culturandesperu.com\/es\/\"]}]},{\"@type\":\"BreadcrumbList\",\"@id\":\"https:\/\/www.culturandesperu.com\/es\/#breadcrumb\",\"itemListElement\":[]},{\"@type\":\"WebSite\",\"@id\":\"https:\/\/www.culturandesperu.com\/#website\",\"url\":\"https:\/\/www.culturandesperu.com\/\",\"name\":\"\",\"description\":\"travel and tourism\",\"potentialAction\":[{\"@type\":\"SearchAction\",\"target\":{\"@type\":\"EntryPoint\",\"urlTemplate\":\"https:\/\/www.culturandesperu.com\/?s={search_term_string}\"},\"query-input\":\"required name=search_term_string\"}],\"inLanguage\":\"es-ES\"}]}<\/script>\n<!-- \/ Yoast SEO plugin. -->","yoast_head_json":{"title":"Mejor tour a Per\u00fa, itinerarios a medida aut\u00e9nticos, eficiencia y seguridad","description":"Mejor tour a Per\u00fa con agencia de viajes local, expertos en itinerarios a medidas, salidas grupales, viajeros solos, las mejores experiencias y gu\u00edas locales","robots":{"index":"noindex","follow":"follow","max-snippet":"max-snippet:-1","max-image-preview":"max-image-preview:large","max-video-preview":"max-video-preview:-1"},"og_locale":"es_ES","og_type":"article","og_title":"Mejor tour a Per\u00fa, itinerarios a medida aut\u00e9nticos, eficiencia y seguridad","og_description":"Mejor tour a Per\u00fa con agencia de viajes local, expertos en itinerarios a medidas, salidas grupales, viajeros solos, las mejores experiencias y gu\u00edas locales","og_url":"https:\/\/www.culturandesperu.com\/es\/","article_modified_time":"2024-04-09T12:39:37+00:00","twitter_card":"summary_large_image","twitter_misc":{"Est. reading time":"5 minutes"},"schema":{"@context":"https:\/\/schema.org","@graph":[{"@type":"WebPage","@id":"https:\/\/www.culturandesperu.com\/es\/","url":"https:\/\/www.culturandesperu.com\/es\/","name":"Mejor tour a Per\u00fa, itinerarios a medida aut\u00e9nticos, eficiencia y seguridad","isPartOf":{"@id":"https:\/\/www.culturandesperu.com\/#website"},"datePublished":"2018-01-17T11:39:09+00:00","dateModified":"2024-04-09T12:39:37+00:00","description":"Mejor tour a Per\u00fa con agencia de viajes local, expertos en itinerarios a medidas, salidas grupales, viajeros solos, las mejores experiencias y gu\u00edas locales","breadcrumb":{"@id":"https:\/\/www.culturandesperu.com\/es\/#breadcrumb"},"inLanguage":"es-ES","potentialAction":[{"@type":"ReadAction","target":["https:\/\/www.culturandesperu.com\/es\/"]}]},{"@type":"BreadcrumbList","@id":"https:\/\/www.culturandesperu.com\/es\/#breadcrumb","itemListElement":[]},{"@type":"WebSite","@id":"https:\/\/www.culturandesperu.com\/#website","url":"https:\/\/www.culturandesperu.com\/","name":"","description":"travel and tourism","potentialAction":[{"@type":"SearchAction","target":{"@type":"EntryPoint","urlTemplate":"https:\/\/www.culturandesperu.com\/?s={search_term_string}"},"query-input":"required name=search_term_string"}],"inLanguage":"es-ES"}]}},"_links":{"self":[{"href":"https:\/\/www.culturandesperu.com\/es\/wp-json\/wp\/v2\/pages\/14809"}],"collection":[{"href":"https:\/\/www.culturandesperu.com\/es\/wp-json\/wp\/v2\/pages"}],"about":[{"href":"https:\/\/www.culturandesperu.com\/es\/wp-json\/wp\/v2\/types\/page"}],"author":[{"embeddable":true,"href":"https:\/\/www.culturandesperu.com\/es\/wp-json\/wp\/v2\/users\/2"}],"replies":[{"embeddable":true,"href":"https:\/\/www.culturandesperu.com\/es\/wp-json\/wp\/v2\/comments?post=14809"}],"version-history":[{"count":42,"href":"https:\/\/www.culturandesperu.com\/es\/wp-json\/wp\/v2\/pages\/14809\/revisions"}],"predecessor-version":[{"id":31705,"href":"https:\/\/www.culturandesperu.com\/es\/wp-json\/wp\/v2\/pages\/14809\/revisions\/31705"}],"wp:attachment":[{"href":"https:\/\/www.culturandesperu.com\/es\/wp-json\/wp\/v2\/media?parent=14809"}],"curies":[{"name":"wp","href":"https:\/\/api.w.org\/{rel}","templated":true}]}}